{"id":1170,"date":"2021-06-18T06:55:34","date_gmt":"2021-06-18T12:55:34","guid":{"rendered":"https:\/\/marcon-services.com\/inicio\/?page_id=1170"},"modified":"2024-06-11T20:13:21","modified_gmt":"2024-06-12T02:13:21","slug":"cuchillas-laminadora-y-transversales","status":"publish","type":"page","link":"https:\/\/marcon-services.com\/inicio\/cuchillas-laminadora-y-transversales\/","title":{"rendered":"Cuchillas laminadora y transversales"},"content":{"rendered":"\n<div data-aos= \"zoom-in-down\" data-aos-duration=\"400\" data-aos-delay=\"0\" data-aos-easing=\"ease\" data-aos-once=\"true\" class=\"wp-block-uagb-container uagb-block-bb5d0a9e alignfull uagb-is-root-container\"><div class=\"uagb-container-inner-blocks-wrap\">\n<div class=\"wp-block-uagb-container uagb-block-50e5a23e\">\n<div class=\"wp-block-uagb-container uagb-block-56e0593f\">\n<div class=\"wp-block-uagb-image aligncenter uagb-block-67fbad1b wp-block-uagb-image--layout-default wp-block-uagb-image--effect-static wp-block-uagb-image--align-center\"><figure class=\"wp-block-uagb-image__figure\"><img decoding=\"async\" srcset=\"https:\/\/marcon-services.com\/wp-content\/uploads\/2021\/06\/cuchillaslaminadorastransversales.png ,https:\/\/marcon-services.com\/wp-content\/uploads\/2021\/06\/cuchillaslaminadorastransversales.png 780w, https:\/\/marcon-services.com\/wp-content\/uploads\/2021\/06\/cuchillaslaminadorastransversales.png 360w\" sizes=\"(max-width: 480px) 150px\" src=\"https:\/\/marcon-services.com\/wp-content\/uploads\/2021\/06\/cuchillaslaminadorastransversales.png\" alt=\"cuchillas laminadoras y transversales\" class=\"uag-image-1171\" width=\"800\" height=\"475\" title=\"cuchillaslaminadorastransversales\" loading=\"lazy\" role=\"img\"\/><\/figure><\/div>\n<\/div>\n\n\n\n<div class=\"wp-block-uagb-container uagb-block-d7cc4a80\">\n<p class=\"has-medium-font-size\" style=\"font-style:normal;font-weight:700\">Las cuchillas laminadoras de corte transversal TKM\u00a0est\u00e1n disponibles para los siguientes tipos de m\u00e1quinas\u00a0:<\/p>\n\n\n\n<figure class=\"wp-block-table\"><table><tbody><tr><td>\u2714 Bilom\u00e1tico<\/td><td>\u2714 Voith<\/td><\/tr><tr><td>\u2714 Valmet<\/td><td>\u2714 ECH Will<\/td><\/tr><tr><td>\u2714 Jagenberg<\/td><td>y otros<\/td><\/tr><tr><td>&nbsp;<\/td><td>&nbsp;<\/td><\/tr><\/tbody><\/table><\/figure>\n\n\n\n<p>Las superficies pulidas de la cuchilla mejoran la calidad del corte y aumentan la vida \u00fatil de la cuchilla.&nbsp;Se reducen la fricci\u00f3n y el polvo.<\/p>\n\n\n\n<p>Las cuchillas laminadoras TKM se fabrican de acuerdo con las especificaciones del cliente y del OEM.&nbsp;La superficie se puede pulir a diferentes valores de rugosidad superficial.<\/p>\n<\/div>\n<\/div>\n\n\n\n<div class=\"wp-block-uagb-container uagb-block-1176b67b\">\n<h3 class=\"wp-block-heading\" style=\"font-style:normal;font-weight:700\">Caracteristicas tecnicas especiales<\/h3>\n\n\n\n<ul style=\"margin-top:0;margin-bottom:0\">\n<li style=\"margin-top:0;margin-bottom:0\">Cuchillas laminadoras de acero PM u otros grados de acero<\/li>\n\n\n\n<li>Cuchillos laminadores con punta de carburo<\/li>\n\n\n\n<li>Rectitud del filo 0,1 \/ 1000 mm o 0,04 \/ 300 mm<\/li>\n\n\n\n<li>Paralelismo a lo largo de 0,03 mm<\/li>\n\n\n\n<li>Paralelismo a lo ancho de 0,03 mm<\/li>\n\n\n\n<li>Paralelismo entre espesores 0.025 mm<\/li>\n<\/ul>\n\n\n\n<p class=\"has-medium-font-size\" style=\"margin-top:0;margin-bottom:0px;font-style:normal;font-weight:700\">Principios de corte<\/p>\n\n\n\n<h3 class=\"wp-block-heading alignwide has-text-align-center\"><img loading=\"lazy\" decoding=\"async\" width=\"787\" height=\"749\" src=\"https:\/\/marcon-services.com\/wp-content\/uploads\/2021\/06\/cuchillaslaminadorastransversalesprincipiosdecorte.jpg\" alt=\"cuchillas laminadoras y transversales principios de corte\"><\/h3>\n\n\n\n<ul>\n<li>Planitud 0,5 mm<\/li>\n\n\n\n<li>Rugosidad de la superficie<br>Ra 0,03 \u00b5m (micro pulido)<br>Ra 0,1 \u00b5m (pulido)<br>Ra 0,4 \u00b5m (est\u00e1ndar)<\/li>\n\n\n\n<li>Calzas bajo pedido<\/li>\n<\/ul>\n<\/div>\n<\/div><\/div>\n","protected":false},"excerpt":{"rendered":"<p>Las cuchillas laminadoras de corte transversal TKM\u00a0est\u00e1n disponibles para los siguientes tipos de m\u00e1quinas\u00a0: \u2714 Bilom\u00e1tico \u2714 Voith \u2714 Valmet \u2714 ECH Will \u2714 Jagenberg y otros &nbsp; &nbsp; Las superficies pulidas de la cuchilla mejoran la calidad del corte y aumentan la vida \u00fatil de la cuchilla.&nbsp;Se reducen la fricci\u00f3n y el polvo. Las [&hellip;]<\/p>\n","protected":false},"author":2,"featured_media":1171,"parent":0,"menu_order":0,"comment_status":"closed","ping_status":"closed","template":"","meta":{"_uag_custom_page_level_css":"","site-sidebar-layout":"no-sidebar","site-content-layout":"plain-container","ast-site-content-layout":"normal-width-container","site-content-style":"unboxed","site-sidebar-style":"unboxed","ast-global-header-display":"","ast-banner-title-visibility":"","ast-main-header-display":"","ast-hfb-above-header-display":"","ast-hfb-below-header-display":"","ast-hfb-mobile-header-display":"","site-post-title":"disabled","ast-breadcrumbs-content":"","ast-featured-img":"disabled","footer-sml-layout":"","theme-transparent-header-meta":"default","adv-header-id-meta":"","stick-header-meta":"","header-above-stick-meta":"","header-main-stick-meta":"","header-below-stick-meta":"","astra-migrate-meta-layouts":"set","ast-page-background-enabled":"default","ast-page-background-meta":{"desktop":{"background-color":"var(--ast-global-color-4)","background-image":"","background-repeat":"repeat","background-position":"center center","background-size":"auto","background-attachment":"scroll","background-type":"","background-media":"","overlay-type":"","overlay-color":"","overlay-opacity":"","overlay-gradient":""},"tablet":{"background-color":"","background-image":"","background-repeat":"repeat","background-position":"center center","background-size":"auto","background-attachment":"scroll","background-type":"","background-media":"","overlay-type":"","overlay-color":"","overlay-opacity":"","overlay-gradient":""},"mobile":{"background-color":"","background-image":"","background-repeat":"repeat","background-position":"center center","background-size":"auto","background-attachment":"scroll","background-type":"","background-media":"","overlay-type":"","overlay-color":"","overlay-opacity":"","overlay-gradient":""}},"ast-content-background-meta":{"desktop":{"background-color":"var(--ast-global-color-5)","background-image":"","background-repeat":"repeat","background-position":"center center","background-size":"auto","background-attachment":"scroll","background-type":"","background-media":"","overlay-type":"","overlay-color":"","overlay-opacity":"","overlay-gradient":""},"tablet":{"background-color":"var(--ast-global-color-5)","background-image":"","background-repeat":"repeat","background-position":"center center","background-size":"auto","background-attachment":"scroll","background-type":"","background-media":"","overlay-type":"","overlay-color":"","overlay-opacity":"","overlay-gradient":""},"mobile":{"background-color":"var(--ast-global-color-5)","background-image":"","background-repeat":"repeat","background-position":"center center","background-size":"auto","background-attachment":"scroll","background-type":"","background-media":"","overlay-type":"","overlay-color":"","overlay-opacity":"","overlay-gradient":""}},"footnotes":""},"yoast_head":"<!-- This site is optimized with the Yoast SEO plugin v23.8 - https:\/\/yoast.com\/wordpress\/plugins\/seo\/ -->\n<title>Cuchillas laminadora y transversales - Marcon Soluciones Para Impresores<\/title>\n<meta name=\"robots\" content=\"index, follow, max-snippet:-1, max-image-preview:large, max-video-preview:-1\" \/>\n<link rel=\"canonical\" href=\"https:\/\/marcon-services.com\/inicio\/cuchillas-laminadora-y-transversales\/\" \/>\n<meta property=\"og:locale\" content=\"es_MX\" \/>\n<meta property=\"og:type\" content=\"article\" \/>\n<meta property=\"og:title\" content=\"Cuchillas laminadora y transversales - Marcon Soluciones Para Impresores\" \/>\n<meta property=\"og:description\" content=\"Las cuchillas laminadoras de corte transversal TKM\u00a0est\u00e1n disponibles para los siguientes tipos de m\u00e1quinas\u00a0: \u2714 Bilom\u00e1tico \u2714 Voith \u2714 Valmet \u2714 ECH Will \u2714 Jagenberg y otros &nbsp; &nbsp; Las superficies pulidas de la cuchilla mejoran la calidad del corte y aumentan la vida \u00fatil de la cuchilla.&nbsp;Se reducen la fricci\u00f3n y el polvo. Las [&hellip;]\" \/>\n<meta property=\"og:url\" content=\"https:\/\/marcon-services.com\/inicio\/cuchillas-laminadora-y-transversales\/\" \/>\n<meta property=\"og:site_name\" content=\"Marcon Soluciones Para Impresores\" \/>\n<meta property=\"article:modified_time\" content=\"2024-06-12T02:13:21+00:00\" \/>\n<meta property=\"og:image\" content=\"https:\/\/marcon-services.com\/wp-content\/uploads\/2021\/06\/cuchillaslaminadorastransversales.png\" \/>\n\t<meta property=\"og:image:width\" content=\"800\" \/>\n\t<meta property=\"og:image:height\" content=\"475\" \/>\n\t<meta property=\"og:image:type\" content=\"image\/png\" \/>\n<meta name=\"twitter:card\" content=\"summary_large_image\" \/>\n<meta name=\"twitter:label1\" content=\"Tiempo de lectura\" \/>\n\t<meta name=\"twitter:data1\" content=\"1 minuto\" \/>\n<script type=\"application\/ld+json\" class=\"yoast-schema-graph\">{\"@context\":\"https:\/\/schema.org\",\"@graph\":[{\"@type\":\"WebPage\",\"@id\":\"https:\/\/marcon-services.com\/inicio\/cuchillas-laminadora-y-transversales\/\",\"url\":\"https:\/\/marcon-services.com\/inicio\/cuchillas-laminadora-y-transversales\/\",\"name\":\"Cuchillas laminadora y transversales - Marcon Soluciones Para Impresores\",\"isPartOf\":{\"@id\":\"https:\/\/marcon-services.com\/inicio\/#website\"},\"primaryImageOfPage\":{\"@id\":\"https:\/\/marcon-services.com\/inicio\/cuchillas-laminadora-y-transversales\/#primaryimage\"},\"image\":{\"@id\":\"https:\/\/marcon-services.com\/inicio\/cuchillas-laminadora-y-transversales\/#primaryimage\"},\"thumbnailUrl\":\"https:\/\/marcon-services.com\/wp-content\/uploads\/2021\/06\/cuchillaslaminadorastransversales.png\",\"datePublished\":\"2021-06-18T12:55:34+00:00\",\"dateModified\":\"2024-06-12T02:13:21+00:00\",\"breadcrumb\":{\"@id\":\"https:\/\/marcon-services.com\/inicio\/cuchillas-laminadora-y-transversales\/#breadcrumb\"},\"inLanguage\":\"es\",\"potentialAction\":[{\"@type\":\"ReadAction\",\"target\":[\"https:\/\/marcon-services.com\/inicio\/cuchillas-laminadora-y-transversales\/\"]}]},{\"@type\":\"ImageObject\",\"inLanguage\":\"es\",\"@id\":\"https:\/\/marcon-services.com\/inicio\/cuchillas-laminadora-y-transversales\/#primaryimage\",\"url\":\"https:\/\/marcon-services.com\/wp-content\/uploads\/2021\/06\/cuchillaslaminadorastransversales.png\",\"contentUrl\":\"https:\/\/marcon-services.com\/wp-content\/uploads\/2021\/06\/cuchillaslaminadorastransversales.png\",\"width\":800,\"height\":475,\"caption\":\"cuchillas laminadoras y transversales\"},{\"@type\":\"BreadcrumbList\",\"@id\":\"https:\/\/marcon-services.com\/inicio\/cuchillas-laminadora-y-transversales\/#breadcrumb\",\"itemListElement\":[{\"@type\":\"ListItem\",\"position\":1,\"name\":\"Inicio\",\"item\":\"https:\/\/marcon-services.com\/inicio\/\"},{\"@type\":\"ListItem\",\"position\":2,\"name\":\"Cuchillas laminadora y transversales\"}]},{\"@type\":\"WebSite\",\"@id\":\"https:\/\/marcon-services.com\/inicio\/#website\",\"url\":\"https:\/\/marcon-services.com\/inicio\/\",\"name\":\"Marcon Soluciones Para Impresores\",\"description\":\"Somos una empresa din\u00e1mica fundada en el 2006 enfocada a la industria gr\u00e1fica, pl\u00e1stica, rotograbado, textil y de empaque.  En MARCON representamos y distribuimos oficialmente en M\u00e9xico y Latinoam\u00e9rica marcas l\u00edderes en el mercado de impresi\u00f3n y pl\u00e1stico.\",\"publisher\":{\"@id\":\"https:\/\/marcon-services.com\/inicio\/#organization\"},\"potentialAction\":[{\"@type\":\"SearchAction\",\"target\":{\"@type\":\"EntryPoint\",\"urlTemplate\":\"https:\/\/marcon-services.com\/inicio\/?s={search_term_string}\"},\"query-input\":{\"@type\":\"PropertyValueSpecification\",\"valueRequired\":true,\"valueName\":\"search_term_string\"}}],\"inLanguage\":\"es\"},{\"@type\":\"Organization\",\"@id\":\"https:\/\/marcon-services.com\/inicio\/#organization\",\"name\":\"Marcon Soluciones Para Impresores\",\"url\":\"https:\/\/marcon-services.com\/inicio\/\",\"logo\":{\"@type\":\"ImageObject\",\"inLanguage\":\"es\",\"@id\":\"https:\/\/marcon-services.com\/inicio\/#\/schema\/logo\/image\/\",\"url\":\"https:\/\/marcon-services.com\/wp-content\/uploads\/2021\/10\/LOGO-marcon-soluciones-sin-fondo-1.png\",\"contentUrl\":\"https:\/\/marcon-services.com\/wp-content\/uploads\/2021\/10\/LOGO-marcon-soluciones-sin-fondo-1.png\",\"width\":2872,\"height\":805,\"caption\":\"Marcon Soluciones Para Impresores\"},\"image\":{\"@id\":\"https:\/\/marcon-services.com\/inicio\/#\/schema\/logo\/image\/\"}}]}<\/script>\n<!-- \/ Yoast SEO plugin. -->","yoast_head_json":{"title":"Cuchillas laminadora y transversales - Marcon Soluciones Para Impresores","robots":{"index":"index","follow":"follow","max-snippet":"max-snippet:-1","max-image-preview":"max-image-preview:large","max-video-preview":"max-video-preview:-1"},"canonical":"https:\/\/marcon-services.com\/inicio\/cuchillas-laminadora-y-transversales\/","og_locale":"es_MX","og_type":"article","og_title":"Cuchillas laminadora y transversales - Marcon Soluciones Para Impresores","og_description":"Las cuchillas laminadoras de corte transversal TKM\u00a0est\u00e1n disponibles para los siguientes tipos de m\u00e1quinas\u00a0: \u2714 Bilom\u00e1tico \u2714 Voith \u2714 Valmet \u2714 ECH Will \u2714 Jagenberg y otros &nbsp; &nbsp; Las superficies pulidas de la cuchilla mejoran la calidad del corte y aumentan la vida \u00fatil de la cuchilla.&nbsp;Se reducen la fricci\u00f3n y el polvo. Las [&hellip;]","og_url":"https:\/\/marcon-services.com\/inicio\/cuchillas-laminadora-y-transversales\/","og_site_name":"Marcon Soluciones Para Impresores","article_modified_time":"2024-06-12T02:13:21+00:00","og_image":[{"width":800,"height":475,"url":"https:\/\/marcon-services.com\/wp-content\/uploads\/2021\/06\/cuchillaslaminadorastransversales.png","type":"image\/png"}],"twitter_card":"summary_large_image","twitter_misc":{"Tiempo de lectura":"1 minuto"},"schema":{"@context":"https:\/\/schema.org","@graph":[{"@type":"WebPage","@id":"https:\/\/marcon-services.com\/inicio\/cuchillas-laminadora-y-transversales\/","url":"https:\/\/marcon-services.com\/inicio\/cuchillas-laminadora-y-transversales\/","name":"Cuchillas laminadora y transversales - Marcon Soluciones Para Impresores","isPartOf":{"@id":"https:\/\/marcon-services.com\/inicio\/#website"},"primaryImageOfPage":{"@id":"https:\/\/marcon-services.com\/inicio\/cuchillas-laminadora-y-transversales\/#primaryimage"},"image":{"@id":"https:\/\/marcon-services.com\/inicio\/cuchillas-laminadora-y-transversales\/#primaryimage"},"thumbnailUrl":"https:\/\/marcon-services.com\/wp-content\/uploads\/2021\/06\/cuchillaslaminadorastransversales.png","datePublished":"2021-06-18T12:55:34+00:00","dateModified":"2024-06-12T02:13:21+00:00","breadcrumb":{"@id":"https:\/\/marcon-services.com\/inicio\/cuchillas-laminadora-y-transversales\/#breadcrumb"},"inLanguage":"es","potentialAction":[{"@type":"ReadAction","target":["https:\/\/marcon-services.com\/inicio\/cuchillas-laminadora-y-transversales\/"]}]},{"@type":"ImageObject","inLanguage":"es","@id":"https:\/\/marcon-services.com\/inicio\/cuchillas-laminadora-y-transversales\/#primaryimage","url":"https:\/\/marcon-services.com\/wp-content\/uploads\/2021\/06\/cuchillaslaminadorastransversales.png","contentUrl":"https:\/\/marcon-services.com\/wp-content\/uploads\/2021\/06\/cuchillaslaminadorastransversales.png","width":800,"height":475,"caption":"cuchillas laminadoras y transversales"},{"@type":"BreadcrumbList","@id":"https:\/\/marcon-services.com\/inicio\/cuchillas-laminadora-y-transversales\/#breadcrumb","itemListElement":[{"@type":"ListItem","position":1,"name":"Inicio","item":"https:\/\/marcon-services.com\/inicio\/"},{"@type":"ListItem","position":2,"name":"Cuchillas laminadora y transversales"}]},{"@type":"WebSite","@id":"https:\/\/marcon-services.com\/inicio\/#website","url":"https:\/\/marcon-services.com\/inicio\/","name":"Marcon Soluciones Para Impresores","description":"Somos una empresa din\u00e1mica fundada en el 2006 enfocada a la industria gr\u00e1fica, pl\u00e1stica, rotograbado, textil y de empaque.  En MARCON representamos y distribuimos oficialmente en M\u00e9xico y Latinoam\u00e9rica marcas l\u00edderes en el mercado de impresi\u00f3n y pl\u00e1stico.","publisher":{"@id":"https:\/\/marcon-services.com\/inicio\/#organization"},"potentialAction":[{"@type":"SearchAction","target":{"@type":"EntryPoint","urlTemplate":"https:\/\/marcon-services.com\/inicio\/?s={search_term_string}"},"query-input":{"@type":"PropertyValueSpecification","valueRequired":true,"valueName":"search_term_string"}}],"inLanguage":"es"},{"@type":"Organization","@id":"https:\/\/marcon-services.com\/inicio\/#organization","name":"Marcon Soluciones Para Impresores","url":"https:\/\/marcon-services.com\/inicio\/","logo":{"@type":"ImageObject","inLanguage":"es","@id":"https:\/\/marcon-services.com\/inicio\/#\/schema\/logo\/image\/","url":"https:\/\/marcon-services.com\/wp-content\/uploads\/2021\/10\/LOGO-marcon-soluciones-sin-fondo-1.png","contentUrl":"https:\/\/marcon-services.com\/wp-content\/uploads\/2021\/10\/LOGO-marcon-soluciones-sin-fondo-1.png","width":2872,"height":805,"caption":"Marcon Soluciones Para Impresores"},"image":{"@id":"https:\/\/marcon-services.com\/inicio\/#\/schema\/logo\/image\/"}}]}},"uagb_featured_image_src":{"full":["https:\/\/marcon-services.com\/wp-content\/uploads\/2021\/06\/cuchillaslaminadorastransversales.png",800,475,false],"thumbnail":["https:\/\/marcon-services.com\/wp-content\/uploads\/2021\/06\/cuchillaslaminadorastransversales-150x150.png",150,150,true],"medium":["https:\/\/marcon-services.com\/wp-content\/uploads\/2021\/06\/cuchillaslaminadorastransversales-300x178.png",300,178,true],"medium_large":["https:\/\/marcon-services.com\/wp-content\/uploads\/2021\/06\/cuchillaslaminadorastransversales-768x456.png",768,456,true],"large":["https:\/\/marcon-services.com\/wp-content\/uploads\/2021\/06\/cuchillaslaminadorastransversales.png",800,475,false],"1536x1536":["https:\/\/marcon-services.com\/wp-content\/uploads\/2021\/06\/cuchillaslaminadorastransversales.png",800,475,false],"2048x2048":["https:\/\/marcon-services.com\/wp-content\/uploads\/2021\/06\/cuchillaslaminadorastransversales.png",800,475,false],"trp-custom-language-flag":["https:\/\/marcon-services.com\/wp-content\/uploads\/2021\/06\/cuchillaslaminadorastransversales.png",18,12,false]},"uagb_author_info":{"display_name":"marcons-web","author_link":"https:\/\/marcon-services.com\/inicio\/author\/osvaldo\/"},"uagb_comment_info":0,"uagb_excerpt":"Las cuchillas laminadoras de corte transversal TKM\u00a0est\u00e1n disponibles para los siguientes tipos de m\u00e1quinas\u00a0: \u2714 Bilom\u00e1tico \u2714 Voith \u2714 Valmet \u2714 ECH Will \u2714 Jagenberg y otros &nbsp; &nbsp; Las superficies pulidas de la cuchilla mejoran la calidad del corte y aumentan la vida \u00fatil de la cuchilla.&nbsp;Se reducen la fricci\u00f3n y el polvo. Las&hellip;","_links":{"self":[{"href":"https:\/\/marcon-services.com\/inicio\/wp-json\/wp\/v2\/pages\/1170"}],"collection":[{"href":"https:\/\/marcon-services.com\/inicio\/wp-json\/wp\/v2\/pages"}],"about":[{"href":"https:\/\/marcon-services.com\/inicio\/wp-json\/wp\/v2\/types\/page"}],"author":[{"embeddable":true,"href":"https:\/\/marcon-services.com\/inicio\/wp-json\/wp\/v2\/users\/2"}],"replies":[{"embeddable":true,"href":"https:\/\/marcon-services.com\/inicio\/wp-json\/wp\/v2\/comments?post=1170"}],"version-history":[{"count":8,"href":"https:\/\/marcon-services.com\/inicio\/wp-json\/wp\/v2\/pages\/1170\/revisions"}],"predecessor-version":[{"id":2431,"href":"https:\/\/marcon-services.com\/inicio\/wp-json\/wp\/v2\/pages\/1170\/revisions\/2431"}],"wp:featuredmedia":[{"embeddable":true,"href":"https:\/\/marcon-services.com\/inicio\/wp-json\/wp\/v2\/media\/1171"}],"wp:attachment":[{"href":"https:\/\/marcon-services.com\/inicio\/wp-json\/wp\/v2\/media?parent=1170"}],"curies":[{"name":"wp","href":"https:\/\/api.w.org\/{rel}","templated":true}]}}